{"id":28873,"date":"2024-11-01T17:57:37","date_gmt":"2024-11-01T16:57:37","guid":{"rendered":"https:\/\/testmybrain.ch\/?page_id=28873"},"modified":"2025-09-06T16:50:58","modified_gmt":"2025-09-06T14:50:58","slug":"leistungen","status":"publish","type":"page","link":"https:\/\/testmybrain.ch\/de\/leistungen\/","title":{"rendered":"Leistungen"},"content":{"rendered":"<p>[et_pb_section fb_built= \"1\u2033 _builder_version= \"4.27.4\u2033 _module_preset= \"default \" custom_margin= \"0px||-3px||false|false \" custom_padding= \"0px||3px||false|false \" global_colors_info= \"{} \"][et_pb_row _builder_version= \"4.27.4\u2033 _module_preset= \"default \" custom_margin= \"0px||0px||false|false \" custom_margin_tablet= \"0px||0px||false|false \" custom_margin_phone= \"0px||0px||false|false \" custom_margin_last_edited= \"on|desktop \" custom_padding= \"||0px||false|false \" global_colors_info= \"{} \"][et_pb_column type= \"4_4\u2033 _builder_version= \"4.27.4\u2033 _module_preset= \"default \" global_colors_info= \"{} \"][et_pb_text _builder_version= \"4.27.4\u2033 _module_preset= \"default \" custom_margin= \"0px||||false|false \" global_colors_info= \"{} \"]<\/p>\n<h4>Wir bieten einen auf wissenschaftlichen Erkenntnissen basierenden Ansatz f\u00fcr Menschen mit Hirnproblemen. Wir helfen ihnen, sich besser zu f\u00fchlen, ihr Wohlbefinden zu steigern und ihre Leistungsf\u00e4higkeit zu verbessern.<\/h4>\n<p>[\/et_pb_text][\/et_pb_column][\/et_pb_row][\/et_pb_section][et_pb_section fb_built= \"1\u2033 _builder_version= \"4.27.4\u2033 _module_preset= \"default \" background_color= \"RGBA(0,130,186,0.09) \" min_height=\"415.6px \" custom_padding=\"1px||40px|| \" global_colors_info=\"{}\"][et_pb_row column_structure= \"1_2,1_2\u2033 _builder_version= \"4.27.4\u2033 _module_preset= \"default\" min_height_tablet= \" \" min_height_phone= \" \" min_height_last_edited= \"on|desktop\" custom_margin= \"|auto|0px|auto|| \" custom_padding= \"24px||0px||| \" global_colors_info= \"{} \"][et_pb_column type= \"1_2\u2033 _builder_version= \"4.27.4\u2033 _module_preset= \"default \" global_colors_info= \"{} \"][et_pb_icon font_icon= \"\uf007||fa||900\u2033 align= \"left \" icon_width_tablet= \" \" icon_width_phone= \"30px \" icon_width_last_edited= \"on|desktop\" _builder_version= \"4.27.4\u2033 _module_preset= \"default \" custom_margin_tablet= \" \" custom_margin_phone= \"||15px||false|false \" custom_margin_last_edited= \"on|phone\" custom_padding_tablet=? \" \" custom_padding_phone= \"||0px|||false|false \" custom_padding_last_edited= \"on|phone \" global_colors_info= \"{} \"][\/et_pb_icon][et_pb_text _builder_version= \"4.27.4\u2033 _module_preset= \"default \" custom_margin= \"0px||0px||false|false \" custom_padding= \"0px||0px||false|false \" global_colors_info= \"{} \"]<\/p>\n<h4>F\u00fcr Privatpersonen<\/h4>\n<p>[\/et_pb_text][et_pb_text _builder_version= \"4.27.4\u2033 _module_preset= \"default \" custom_margin_tablet= \" \" custom_margin_phone= \" \" custom_margin_last_edited= \"on|phone \" custom_padding= \"||6px||| \" global_colors_info= \"{} \"]<\/p>\n<p style=\"text-align: left;\">5 Tage intensive Rehabilitation in unseren Praxen in England oder den Niederlanden.<\/p>\n<p>[\/et_pb_text][\/et_pb_column][et_pb_column type= \"1_2\u2033 _builder_version= \"4.27.4\u2033 _module_preset= \"default \" global_colors_info= \"{} \"][et_pb_icon font_icon= \"\uf0c0||fa||900\u2033 align= \"left\" icon_width_tablet= \" \" icon_width_phone= \"30px \" icon_width_last_edited= \"on|phone\" _builder_version= \"4.27.4\u2033 _module_preset= \"default \" custom_margin_tablet= \" \" custom_margin_phone= \"||15px||false|false\" custom_margin_last_edited= \"on|phone\" global_colors_info= \"{} \"][\/et_pb_icon][et_pb_text _builder_version= \"4.27.4\u2033 _module_preset= \"default \" custom_margin= \"||-2px||| \" global_colors_info= \"{} \"]<\/p>\n<h4>F\u00fcr Gruppen<\/h4>\n<p>[\/et_pb_text][et_pb_text _builder_version= \"4.27.4\u2033 _module_preset= \"default \" global_colors_info= \"{} \"]<\/p>\n<p style=\"text-align: left;\">F\u00fcnf Tage lang testen Sie mit unserem Team auf Ihrem Gel\u00e4nde. Wir testen 8 Personen pro Tag, die einen vollst\u00e4ndigen Bericht mit den Testergebnissen, der Diagnose unserer Spezialisten und den L\u00f6sungen zur Rehabilitation und\/oder Leistungssteigerung des Gehirns erhalten.<\/p>\n<p>[\/et_pb_text][\/et_pb_column][\/et_pb_row][\/et_pb_section]<\/p>","protected":false},"excerpt":{"rendered":"<p>Wir bieten einen auf wissenschaftlichen Erkenntnissen beruhenden Ansatz f\u00fcr Menschen mit Hirnproblemen. Wir helfen ihnen, sich besser zu f\u00fchlen, ihr Wohlbefinden zu steigern und ihre Leistungsf\u00e4higkeit zu verbessern.F\u00fcr Einzelpersonen5 Tage intensive Rehabilitation in unseren Praxen in England oder den Niederlanden.F\u00fcr Gruppen5 Tage Tests in Ihrem Gehege mit unserem Team. Wir [...]]<\/p>","protected":false},"author":3,"featured_media":0,"parent":0,"menu_order":0,"comment_status":"closed","ping_status":"closed","template":"","meta":{"_et_pb_use_builder":"on","_et_pb_old_content":"","_et_gb_content_width":"","footnotes":""},"class_list":["post-28873","page","type-page","status-publish","hentry"],"yoast_head":"<!-- This site is optimized with the Yoast SEO plugin v25.8 - https:\/\/yoast.com\/wordpress\/plugins\/seo\/ -->\n<title>Prestations &#8211; TESTmyBRAIN<\/title>\n<meta name=\"description\" content=\"Prestations en neurologie fonctionnelle : migraines, vertiges, troubles cognitifs. Soins personnalis\u00e9s en Suisse.\" \/>\n<meta name=\"robots\" content=\"index, follow, max-snippet:-1, max-image-preview:large, max-video-preview:-1\" \/>\n<link rel=\"canonical\" href=\"https:\/\/testmybrain.ch\/de\/leistungen\/\" \/>\n<meta property=\"og:locale\" content=\"de_DE\" \/>\n<meta property=\"og:type\" content=\"article\" \/>\n<meta property=\"og:title\" content=\"Prestations &#8211; TESTmyBRAIN\" \/>\n<meta property=\"og:description\" content=\"Prestations en neurologie fonctionnelle : migraines, vertiges, troubles cognitifs. Soins personnalis\u00e9s en Suisse.\" \/>\n<meta property=\"og:url\" content=\"https:\/\/testmybrain.ch\/de\/leistungen\/\" \/>\n<meta property=\"og:site_name\" content=\"TESTmyBRAIN\" \/>\n<meta property=\"article:modified_time\" content=\"2025-09-06T14:50:58+00:00\" \/>\n<meta property=\"og:image\" content=\"https:\/\/testmybrain.ch\/wp-content\/uploads\/2024\/11\/Logo_TESTmyBRAIN.png\" \/>\n\t<meta property=\"og:image:width\" content=\"1125\" \/>\n\t<meta property=\"og:image:height\" content=\"1125\" \/>\n\t<meta property=\"og:image:type\" content=\"image\/png\" \/>\n<meta name=\"twitter:card\" content=\"summary_large_image\" \/>\n<meta name=\"twitter:label1\" content=\"Gesch\u00e4tzte Lesezeit\" \/>\n\t<meta name=\"twitter:data1\" content=\"1\u00a0Minute\" \/>\n<script type=\"application\/ld+json\" class=\"yoast-schema-graph\">{\"@context\":\"https:\/\/schema.org\",\"@graph\":[{\"@type\":\"WebPage\",\"@id\":\"https:\/\/testmybrain.ch\/prestations\/\",\"url\":\"https:\/\/testmybrain.ch\/prestations\/\",\"name\":\"Prestations &#8211; TESTmyBRAIN\",\"isPartOf\":{\"@id\":\"https:\/\/testmybrain.ch\/#website\"},\"datePublished\":\"2024-11-01T16:57:37+00:00\",\"dateModified\":\"2025-09-06T14:50:58+00:00\",\"description\":\"Prestations en neurologie fonctionnelle : migraines, vertiges, troubles cognitifs. Soins personnalis\u00e9s en Suisse.\",\"breadcrumb\":{\"@id\":\"https:\/\/testmybrain.ch\/prestations\/#breadcrumb\"},\"inLanguage\":\"de\",\"potentialAction\":[{\"@type\":\"ReadAction\",\"target\":[\"https:\/\/testmybrain.ch\/prestations\/\"]}]},{\"@type\":\"BreadcrumbList\",\"@id\":\"https:\/\/testmybrain.ch\/prestations\/#breadcrumb\",\"itemListElement\":[{\"@type\":\"ListItem\",\"position\":1,\"name\":\"Accueil\",\"item\":\"https:\/\/testmybrain.ch\/\"},{\"@type\":\"ListItem\",\"position\":2,\"name\":\"Prestations\"}]},{\"@type\":\"WebSite\",\"@id\":\"https:\/\/testmybrain.ch\/#website\",\"url\":\"https:\/\/testmybrain.ch\/\",\"name\":\"TESTmyBRAIN\",\"description\":\"Soins neurologiques\",\"publisher\":{\"@id\":\"https:\/\/testmybrain.ch\/#organization\"},\"potentialAction\":[{\"@type\":\"SearchAction\",\"target\":{\"@type\":\"EntryPoint\",\"urlTemplate\":\"https:\/\/testmybrain.ch\/?s={search_term_string}\"},\"query-input\":{\"@type\":\"PropertyValueSpecification\",\"valueRequired\":true,\"valueName\":\"search_term_string\"}}],\"inLanguage\":\"de\"},{\"@type\":\"Organization\",\"@id\":\"https:\/\/testmybrain.ch\/#organization\",\"name\":\"TESTmyBRAIN\",\"url\":\"https:\/\/testmybrain.ch\/\",\"logo\":{\"@type\":\"ImageObject\",\"inLanguage\":\"de\",\"@id\":\"https:\/\/testmybrain.ch\/#\/schema\/logo\/image\/\",\"url\":\"https:\/\/testmybrain.ch\/wp-content\/uploads\/2024\/11\/Logo_TESTmyBRAIN.png\",\"contentUrl\":\"https:\/\/testmybrain.ch\/wp-content\/uploads\/2024\/11\/Logo_TESTmyBRAIN.png\",\"width\":1125,\"height\":1125,\"caption\":\"TESTmyBRAIN\"},\"image\":{\"@id\":\"https:\/\/testmybrain.ch\/#\/schema\/logo\/image\/\"}}]}<\/script>\n<!-- \/ Yoast SEO plugin. -->","yoast_head_json":{"title":"Leistungen - TESTmyBRAIN","description":"Leistungen in funktioneller Neurologie: Migr\u00e4ne, Schwindel, kognitive St\u00f6rungen. Personalisierte Behandlungen in der Schweiz.","robots":{"index":"index","follow":"follow","max-snippet":"max-snippet:-1","max-image-preview":"max-image-preview:large","max-video-preview":"max-video-preview:-1"},"canonical":"https:\/\/testmybrain.ch\/de\/leistungen\/","og_locale":"de_DE","og_type":"article","og_title":"Prestations &#8211; TESTmyBRAIN","og_description":"Prestations en neurologie fonctionnelle : migraines, vertiges, troubles cognitifs. Soins personnalis\u00e9s en Suisse.","og_url":"https:\/\/testmybrain.ch\/de\/leistungen\/","og_site_name":"TESTmyBRAIN","article_modified_time":"2025-09-06T14:50:58+00:00","og_image":[{"width":1125,"height":1125,"url":"https:\/\/testmybrain.ch\/wp-content\/uploads\/2024\/11\/Logo_TESTmyBRAIN.png","type":"image\/png"}],"twitter_card":"summary_large_image","twitter_misc":{"Gesch\u00e4tzte Lesezeit":"1\u00a0Minute"},"schema":{"@context":"https:\/\/schema.org","@graph":[{"@type":"WebPage","@id":"https:\/\/testmybrain.ch\/prestations\/","url":"https:\/\/testmybrain.ch\/prestations\/","name":"Leistungen - TESTmyBRAIN","isPartOf":{"@id":"https:\/\/testmybrain.ch\/#website"},"datePublished":"2024-11-01T16:57:37+00:00","dateModified":"2025-09-06T14:50:58+00:00","description":"Leistungen in funktioneller Neurologie: Migr\u00e4ne, Schwindel, kognitive St\u00f6rungen. Personalisierte Behandlungen in der Schweiz.","breadcrumb":{"@id":"https:\/\/testmybrain.ch\/prestations\/#breadcrumb"},"inLanguage":"de","potentialAction":[{"@type":"ReadAction","target":["https:\/\/testmybrain.ch\/prestations\/"]}]},{"@type":"BreadcrumbList","@id":"https:\/\/testmybrain.ch\/prestations\/#breadcrumb","itemListElement":[{"@type":"ListItem","position":1,"name":"Accueil","item":"https:\/\/testmybrain.ch\/"},{"@type":"ListItem","position":2,"name":"Prestations"}]},{"@type":"WebSite","@id":"https:\/\/testmybrain.ch\/#website","url":"https:\/\/testmybrain.ch\/","name":"TESTmyBRAIN","description":"Neurologische Pflege","publisher":{"@id":"https:\/\/testmybrain.ch\/#organization"},"potentialAction":[{"@type":"SearchAction","target":{"@type":"EntryPoint","urlTemplate":"https:\/\/testmybrain.ch\/?s={search_term_string}"},"query-input":{"@type":"PropertyValueSpecification","valueRequired":true,"valueName":"search_term_string"}}],"inLanguage":"de"},{"@type":"Organization","@id":"https:\/\/testmybrain.ch\/#organization","name":"TESTmyBRAIN","url":"https:\/\/testmybrain.ch\/","logo":{"@type":"ImageObject","inLanguage":"de","@id":"https:\/\/testmybrain.ch\/#\/schema\/logo\/image\/","url":"https:\/\/testmybrain.ch\/wp-content\/uploads\/2024\/11\/Logo_TESTmyBRAIN.png","contentUrl":"https:\/\/testmybrain.ch\/wp-content\/uploads\/2024\/11\/Logo_TESTmyBRAIN.png","width":1125,"height":1125,"caption":"TESTmyBRAIN"},"image":{"@id":"https:\/\/testmybrain.ch\/#\/schema\/logo\/image\/"}}]}},"_links":{"self":[{"href":"https:\/\/testmybrain.ch\/de\/wp-json\/wp\/v2\/pages\/28873","targetHints":{"allow":["GET"]}}],"collection":[{"href":"https:\/\/testmybrain.ch\/de\/wp-json\/wp\/v2\/pages"}],"about":[{"href":"https:\/\/testmybrain.ch\/de\/wp-json\/wp\/v2\/types\/page"}],"author":[{"embeddable":true,"href":"https:\/\/testmybrain.ch\/de\/wp-json\/wp\/v2\/users\/3"}],"replies":[{"embeddable":true,"href":"https:\/\/testmybrain.ch\/de\/wp-json\/wp\/v2\/comments?post=28873"}],"version-history":[{"count":56,"href":"https:\/\/testmybrain.ch\/de\/wp-json\/wp\/v2\/pages\/28873\/revisions"}],"predecessor-version":[{"id":29450,"href":"https:\/\/testmybrain.ch\/de\/wp-json\/wp\/v2\/pages\/28873\/revisions\/29450"}],"wp:attachment":[{"href":"https:\/\/testmybrain.ch\/de\/wp-json\/wp\/v2\/media?parent=28873"}],"curies":[{"name":"wp","href":"https:\/\/api.w.org\/{rel}","templated":true}]}}