{"id":28867,"date":"2024-11-01T17:57:37","date_gmt":"2024-11-01T16:57:37","guid":{"rendered":"https:\/\/testmybrain.ch\/?page_id=28867"},"modified":"2025-09-06T16:53:27","modified_gmt":"2025-09-06T14:53:27","slug":"team","status":"publish","type":"page","link":"https:\/\/testmybrain.ch\/de\/team\/","title":{"rendered":"Team"},"content":{"rendered":"<p>[et_pb_section fb_built= \"1\u2033 admin_label= \"Header \" _builder_version= \"4.27.2\u2033 _module_preset= \"default \" background_color= \"#FFFF \" custom_padding= \"4px||0px|| \" locked= \"off \" collapsed= \"on \" global_colors_info= \"{} \"][et_pb_row _builder_version= \"4.27.2\u2033 _module_preset= \"default\" background_color= \"#FFFF \" custom_padding= \"4px||0px|| \" locked= \"off \" collapsed= \"on \" global_colors_info= \"{} \"]27.2\u2033 _module_preset= \"default \" custom_padding= \"5px||4px|| \" global_colors_info= \"{} \"][et_pb_column type= \"4_4\u2033 _builder_version= \"4.20.0\u2033 _module_preset= \"default \" global_colors_info= \"{} \"][et_pb_heading title= \"Lernen Sie unser Team kennen\" _builder_version= \"4.27.4\u2033 _module_preset= \"d8a98028-80a4-4387-954c-.fcd71687cd3f \" hover_enabled= \"0\u2033 locked= \"off\" global_colors_info= \"{}\" sticky_enabled= \"0\u2033][\/et_pb_heading][\/et_pb_column][\/et_pb_row][\/et_pb_section][et_pb_section fb_built= \"1\u2033 admin_label= \"Header \" _builder_version= \"4.27.2\u2033 _module_preset= \"default \" background_color= \"RGBA(255,255,255,0) \" custom_padding= \"0px||4px|| \" locked= \"off \" collapsed= \"on \" global_colors_info= \"{}\" \"][et_pb_row _builder_version= \"4.27.2\u2033 _module_preset= \"default \" custom_padding= \"5px||2px|| \" global_colors_info= \"{} \"][et_pb_column type= \"4_4\u2033 _builder_version= \"4.27.2\u2033 _module_preset= \"default \" global_colors_info= \"{} \"][et_pb_team_member name= \"Thomas van den Hof \" position= \"Spezialist f\u00fcr funktionelle Neurologie \" _builder_version= \"4.27.2\u2033 _module_preset= \"default \" header_text_color= \"#00052b \" body_text_color= \"#00052b \" position_text_color= \"#3798DD \" custom_padding= \"||1px||| \" hover_enabled= \"0\u2033 global_colors_info= \"{} \" sticky_enabled= \"0\u2033]<\/p>\n<p>Niederlande<\/p>\n<p>[\/et_pb_team_member][et_pb_team_member name= \"Igor Dijkers \" position= \"Spezialist f\u00fcr funktionelle Neurologie \" _builder_version= \"4.27.2\u2033 _module_preset= \"default \" header_text_color= \"#00052b \" body_text_color= \"#00052b \" position_text_color= \"#3798DD \" custom_padding= \"||3px||| \" global_colors_info= \"{} \"]<\/p>\n<p>Niederlande<\/p>\n<p>[\/et_pb_team_member][et_pb_team_member name= \"Jake Cooke \" position= \"Spezialist f\u00fcr funktionelle Neurologie \" _builder_version= \"4.27.2\u2033 _module_preset= \"default \" header_text_color= \"#00052b \" body_text_color= \"#00052b \" position_text_color= \"#3798DD \" custom_padding= \"||0px||| \" global_colors_info= \"{} \"]<\/p>\n<p>England<\/p>\n<p>[\/et_pb_team_member][et_pb_team_member name= \"Carina Pittomvils \" position= \"Technikerin f\u00fcr funktionelle Neurologie \" _builder_version= \"4.27.2\u2033 _module_preset= \"default \" header_text_color= \"#00052b \" body_text_color= \"#00052b \" position_text_color= \"#3798DD \" custom_padding= \"||2px||| \" global_colors_info= \"{} \"]<\/p>\n<p>Belgien<\/p>\n<p>[\/et_pb_team_member][et_pb_team_member name= \"Ben Goodall \" position= \"Techniker f\u00fcr funktionelle Neurologie \" _builder_version= \"4.27.2\u2033 _module_preset= \"default \" header_text_color= \"#00052b \" body_text_color= \"#00052b \" position_text_color= \"#3798DD \" custom_padding= \"||5px||| \" global_colors_info= \"{} \"]<\/p>\n<p>England<\/p>\n<p>[\/et_pb_team_member][et_pb_team_member name= \"Claude Martinet \" position= \"Betriebsleiter \" _builder_version= \"4.27.2\u2033 _module_preset= \"default \" header_text_color= \"#00052b \" body_text_color= \"#00052b \" position_text_color= \"#3798DD \" custom_padding= \"||4px||| \" global_colors_info= \"{} \"]<\/p>\n<p>Schweiz<\/p>\n<p>[\/et_pb_team_member][\/et_pb_column][\/et_pb_row][\/et_pb_section][et_pb_section fb_built= \"1\u2033 _builder_version= \"4.27.2\u2033 _module_preset= \"default \" background_color= \"RGBA(255,255,255,0) \" custom_padding= \"50px||50px|| \" global_colors_info= \"{} \"][et_pb_row _builder_version= \"4.27.2\u2033 _module_preset= \"default \" custom_padding= \"0px||0px|| \" global_colors_info= \"{} \"][et_pb_column type= \"4_4\u2033 _builder_version= \"4.27.2\u2033 _module_preset= \"default \" global_colors_info= \"{} \"][et_pb_button button_url= \"@ET-.DC@eyJkeW5hbWljIjp0cnVlLCJjb250ZW50IjoicG9zdF9saW5rX3VybF9wYWdlIiwic2V0dGluZ3MiOnsicG9zdF9pZCI6IjI4ODY5In19@ \" button_text= \"Kontaktieren Sie uns \" button_alignment=\"right\" _builder_version= \"4.27.2\u2033 _dynamic_attributes= \"button_url \" _module_preset=\"default \" custom_button=\"off \" global_colors_info=\"{} \"][\/et_pb_button][\/et_pb_column][\/et_pb_row][\/et_pb_section]<\/p>","protected":false},"excerpt":{"rendered":"<p>NiederlandeNiederlandeEnglandBelgienEnglandSchweiz<\/p>","protected":false},"author":3,"featured_media":0,"parent":0,"menu_order":0,"comment_status":"closed","ping_status":"closed","template":"","meta":{"_et_pb_use_builder":"on","_et_pb_old_content":"","_et_gb_content_width":"","footnotes":""},"class_list":["post-28867","page","type-page","status-publish","hentry"],"yoast_head":"<!-- This site is optimized with the Yoast SEO plugin v25.8 - https:\/\/yoast.com\/wordpress\/plugins\/seo\/ -->\n<title>Equipe &#8211; TESTmyBRAIN<\/title>\n<meta name=\"description\" content=\"D\u00e9couvrez nos sp\u00e9cialistes en neurologie fonctionnelle, en soins c\u00e9r\u00e9braux personnalis\u00e9s et accompagnement en Suisse romande et en Europe.\" \/>\n<meta name=\"robots\" content=\"index, follow, max-snippet:-1, max-image-preview:large, max-video-preview:-1\" \/>\n<link rel=\"canonical\" href=\"https:\/\/testmybrain.ch\/de\/team\/\" \/>\n<meta property=\"og:locale\" content=\"de_DE\" \/>\n<meta property=\"og:type\" content=\"article\" \/>\n<meta property=\"og:title\" content=\"Equipe &#8211; TESTmyBRAIN\" \/>\n<meta property=\"og:description\" content=\"D\u00e9couvrez nos sp\u00e9cialistes en neurologie fonctionnelle, en soins c\u00e9r\u00e9braux personnalis\u00e9s et accompagnement en Suisse romande et en Europe.\" \/>\n<meta property=\"og:url\" content=\"https:\/\/testmybrain.ch\/de\/team\/\" \/>\n<meta property=\"og:site_name\" content=\"TESTmyBRAIN\" \/>\n<meta property=\"article:modified_time\" content=\"2025-09-06T14:53:27+00:00\" \/>\n<meta property=\"og:image\" content=\"https:\/\/testmybrain.ch\/wp-content\/uploads\/2024\/11\/Logo_TESTmyBRAIN.png\" \/>\n\t<meta property=\"og:image:width\" content=\"1125\" \/>\n\t<meta property=\"og:image:height\" content=\"1125\" \/>\n\t<meta property=\"og:image:type\" content=\"image\/png\" \/>\n<meta name=\"twitter:card\" content=\"summary_large_image\" \/>\n<meta name=\"twitter:label1\" content=\"Gesch\u00e4tzte Lesezeit\" \/>\n\t<meta name=\"twitter:data1\" content=\"1\u00a0Minute\" \/>\n<script type=\"application\/ld+json\" class=\"yoast-schema-graph\">{\"@context\":\"https:\/\/schema.org\",\"@graph\":[{\"@type\":\"WebPage\",\"@id\":\"https:\/\/testmybrain.ch\/equipe\/\",\"url\":\"https:\/\/testmybrain.ch\/equipe\/\",\"name\":\"Equipe &#8211; TESTmyBRAIN\",\"isPartOf\":{\"@id\":\"https:\/\/testmybrain.ch\/#website\"},\"datePublished\":\"2024-11-01T16:57:37+00:00\",\"dateModified\":\"2025-09-06T14:53:27+00:00\",\"description\":\"D\u00e9couvrez nos sp\u00e9cialistes en neurologie fonctionnelle, en soins c\u00e9r\u00e9braux personnalis\u00e9s et accompagnement en Suisse romande et en Europe.\",\"breadcrumb\":{\"@id\":\"https:\/\/testmybrain.ch\/equipe\/#breadcrumb\"},\"inLanguage\":\"de\",\"potentialAction\":[{\"@type\":\"ReadAction\",\"target\":[\"https:\/\/testmybrain.ch\/equipe\/\"]}]},{\"@type\":\"BreadcrumbList\",\"@id\":\"https:\/\/testmybrain.ch\/equipe\/#breadcrumb\",\"itemListElement\":[{\"@type\":\"ListItem\",\"position\":1,\"name\":\"Accueil\",\"item\":\"https:\/\/testmybrain.ch\/\"},{\"@type\":\"ListItem\",\"position\":2,\"name\":\"Equipe\"}]},{\"@type\":\"WebSite\",\"@id\":\"https:\/\/testmybrain.ch\/#website\",\"url\":\"https:\/\/testmybrain.ch\/\",\"name\":\"TESTmyBRAIN\",\"description\":\"Soins neurologiques\",\"publisher\":{\"@id\":\"https:\/\/testmybrain.ch\/#organization\"},\"potentialAction\":[{\"@type\":\"SearchAction\",\"target\":{\"@type\":\"EntryPoint\",\"urlTemplate\":\"https:\/\/testmybrain.ch\/?s={search_term_string}\"},\"query-input\":{\"@type\":\"PropertyValueSpecification\",\"valueRequired\":true,\"valueName\":\"search_term_string\"}}],\"inLanguage\":\"de\"},{\"@type\":\"Organization\",\"@id\":\"https:\/\/testmybrain.ch\/#organization\",\"name\":\"TESTmyBRAIN\",\"url\":\"https:\/\/testmybrain.ch\/\",\"logo\":{\"@type\":\"ImageObject\",\"inLanguage\":\"de\",\"@id\":\"https:\/\/testmybrain.ch\/#\/schema\/logo\/image\/\",\"url\":\"https:\/\/testmybrain.ch\/wp-content\/uploads\/2024\/11\/Logo_TESTmyBRAIN.png\",\"contentUrl\":\"https:\/\/testmybrain.ch\/wp-content\/uploads\/2024\/11\/Logo_TESTmyBRAIN.png\",\"width\":1125,\"height\":1125,\"caption\":\"TESTmyBRAIN\"},\"image\":{\"@id\":\"https:\/\/testmybrain.ch\/#\/schema\/logo\/image\/\"}}]}<\/script>\n<!-- \/ Yoast SEO plugin. -->","yoast_head_json":{"title":"Team - TESTmyBRAIN","description":"Entdecken Sie unsere Spezialisten f\u00fcr funktionelle Neurologie, personalisierte Gehirnpflege und Begleitung in der Westschweiz und in Europa.","robots":{"index":"index","follow":"follow","max-snippet":"max-snippet:-1","max-image-preview":"max-image-preview:large","max-video-preview":"max-video-preview:-1"},"canonical":"https:\/\/testmybrain.ch\/de\/team\/","og_locale":"de_DE","og_type":"article","og_title":"Equipe &#8211; TESTmyBRAIN","og_description":"D\u00e9couvrez nos sp\u00e9cialistes en neurologie fonctionnelle, en soins c\u00e9r\u00e9braux personnalis\u00e9s et accompagnement en Suisse romande et en Europe.","og_url":"https:\/\/testmybrain.ch\/de\/team\/","og_site_name":"TESTmyBRAIN","article_modified_time":"2025-09-06T14:53:27+00:00","og_image":[{"width":1125,"height":1125,"url":"https:\/\/testmybrain.ch\/wp-content\/uploads\/2024\/11\/Logo_TESTmyBRAIN.png","type":"image\/png"}],"twitter_card":"summary_large_image","twitter_misc":{"Gesch\u00e4tzte Lesezeit":"1\u00a0Minute"},"schema":{"@context":"https:\/\/schema.org","@graph":[{"@type":"WebPage","@id":"https:\/\/testmybrain.ch\/equipe\/","url":"https:\/\/testmybrain.ch\/equipe\/","name":"Team - TESTmyBRAIN","isPartOf":{"@id":"https:\/\/testmybrain.ch\/#website"},"datePublished":"2024-11-01T16:57:37+00:00","dateModified":"2025-09-06T14:53:27+00:00","description":"Entdecken Sie unsere Spezialisten f\u00fcr funktionelle Neurologie, personalisierte Gehirnpflege und Begleitung in der Westschweiz und in Europa.","breadcrumb":{"@id":"https:\/\/testmybrain.ch\/equipe\/#breadcrumb"},"inLanguage":"de","potentialAction":[{"@type":"ReadAction","target":["https:\/\/testmybrain.ch\/equipe\/"]}]},{"@type":"BreadcrumbList","@id":"https:\/\/testmybrain.ch\/equipe\/#breadcrumb","itemListElement":[{"@type":"ListItem","position":1,"name":"Accueil","item":"https:\/\/testmybrain.ch\/"},{"@type":"ListItem","position":2,"name":"Equipe"}]},{"@type":"WebSite","@id":"https:\/\/testmybrain.ch\/#website","url":"https:\/\/testmybrain.ch\/","name":"TESTmyBRAIN","description":"Neurologische Pflege","publisher":{"@id":"https:\/\/testmybrain.ch\/#organization"},"potentialAction":[{"@type":"SearchAction","target":{"@type":"EntryPoint","urlTemplate":"https:\/\/testmybrain.ch\/?s={search_term_string}"},"query-input":{"@type":"PropertyValueSpecification","valueRequired":true,"valueName":"search_term_string"}}],"inLanguage":"de"},{"@type":"Organization","@id":"https:\/\/testmybrain.ch\/#organization","name":"TESTmyBRAIN","url":"https:\/\/testmybrain.ch\/","logo":{"@type":"ImageObject","inLanguage":"de","@id":"https:\/\/testmybrain.ch\/#\/schema\/logo\/image\/","url":"https:\/\/testmybrain.ch\/wp-content\/uploads\/2024\/11\/Logo_TESTmyBRAIN.png","contentUrl":"https:\/\/testmybrain.ch\/wp-content\/uploads\/2024\/11\/Logo_TESTmyBRAIN.png","width":1125,"height":1125,"caption":"TESTmyBRAIN"},"image":{"@id":"https:\/\/testmybrain.ch\/#\/schema\/logo\/image\/"}}]}},"_links":{"self":[{"href":"https:\/\/testmybrain.ch\/de\/wp-json\/wp\/v2\/pages\/28867","targetHints":{"allow":["GET"]}}],"collection":[{"href":"https:\/\/testmybrain.ch\/de\/wp-json\/wp\/v2\/pages"}],"about":[{"href":"https:\/\/testmybrain.ch\/de\/wp-json\/wp\/v2\/types\/page"}],"author":[{"embeddable":true,"href":"https:\/\/testmybrain.ch\/de\/wp-json\/wp\/v2\/users\/3"}],"replies":[{"embeddable":true,"href":"https:\/\/testmybrain.ch\/de\/wp-json\/wp\/v2\/comments?post=28867"}],"version-history":[{"count":24,"href":"https:\/\/testmybrain.ch\/de\/wp-json\/wp\/v2\/pages\/28867\/revisions"}],"predecessor-version":[{"id":29453,"href":"https:\/\/testmybrain.ch\/de\/wp-json\/wp\/v2\/pages\/28867\/revisions\/29453"}],"wp:attachment":[{"href":"https:\/\/testmybrain.ch\/de\/wp-json\/wp\/v2\/media?parent=28867"}],"curies":[{"name":"wp","href":"https:\/\/api.w.org\/{rel}","templated":true}]}}